{"id":2360,"date":"2026-02-25T10:36:52","date_gmt":"2026-02-25T09:36:52","guid":{"rendered":"http:\/\/somogybukkosd.hu\/web\/?page_id=2360"},"modified":"2026-03-24T13:49:03","modified_gmt":"2026-03-24T12:49:03","slug":"tortenet-es-hagyomanyok","status":"publish","type":"page","link":"http:\/\/somogybukkosd.hu\/web\/tortenet-es-hagyomanyok\/","title":{"rendered":"T\u00f6rt\u00e9net \u00e9s hagyom\u00e1nyok"},"content":{"rendered":"\t\t<div data-elementor-type=\"wp-page\" data-elementor-id=\"2360\" class=\"elementor elementor-2360\">\n\t\t\t\t\t\t<section class=\"elementor-section elementor-top-section elementor-element elementor-element-31e82332 elementor-section-stretched elementor-section-boxed elementor-section-height-default elementor-section-height-default\" data-id=\"31e82332\" data-element_type=\"section\" data-settings=\"{&quot;stretch_section&quot;:&quot;section-stretched&quot;,&quot;background_background&quot;:&quot;classic&quot;}\">\n\t\t\t\t\t\t\t<div class=\"elementor-background-overlay\"><\/div>\n\t\t\t\t\t\t\t<div class=\"elementor-container elementor-column-gap-no\">\n\t\t\t\t\t<div class=\"elementor-column elementor-col-100 elementor-top-column elementor-element elementor-element-798f6e0f\" data-id=\"798f6e0f\" data-element_type=\"column\">\n\t\t\t<div class=\"elementor-widget-wrap elementor-element-populated\">\n\t\t\t\t\t\t<section class=\"elementor-section elementor-inner-section elementor-element elementor-element-1ac58d8e elementor-section-boxed elementor-section-height-default elementor-section-height-default\" data-id=\"1ac58d8e\" data-element_type=\"section\">\n\t\t\t\t\t\t<div class=\"elementor-container elementor-column-gap-no\">\n\t\t\t\t\t<div class=\"elementor-column elementor-col-50 elementor-inner-column elementor-element elementor-element-79e1b852\" data-id=\"79e1b852\" data-element_type=\"column\">\n\t\t\t<div class=\"elementor-widget-wrap elementor-element-populated\">\n\t\t\t\t\t\t<div class=\"elementor-element elementor-element-172b71bb gyan-title-st-line-after elementor-widget elementor-widget-gyan_title\" data-id=\"172b71bb\" data-element_type=\"widget\" data-widget_type=\"gyan_title.default\">\n\t\t\t\t<div class=\"elementor-widget-container\">\n\t\t\t\t\t\t\t<div class=\"gyan-title\">\n\t\t\t<div class=\"gyan-title-subtitle\"><span>Bemutatkoz\u00e1s<\/span><\/div><h2 class=\"gyan-title-heading\">T\u00f6rt\u00e9nelem<\/h2>\t\t<\/div>\n\t\t\t\t\t\t<\/div>\n\t\t\t\t<\/div>\n\t\t\t\t<div class=\"elementor-element elementor-element-34540a16 elementor-widget elementor-widget-text-editor\" data-id=\"34540a16\" data-element_type=\"widget\" data-widget_type=\"text-editor.default\">\n\t\t\t\t\t\t\t\t\t<p>Az \u00edrott forr\u00e1sok 1462-ben eml\u00edtik lakott helyk\u00e9nt, Bykes alakban, amikor az egykori Filke k\u00f6zs\u00e9ggel egy\u00fctt elz\u00e1logos\u00edtotta az Ap\u00e1jfi \u00e9s Szelczei csal\u00e1d Darabos L\u00e1szl\u00f3nak; negyedsz\u00e1zad m\u00falt\u00e1n pedig a berzencei uradalom k\u00f6zs\u00e9ge volt.<br \/>Ezut\u00e1n m\u00e1r gyakorta v\u00e1ltott\u00e1k egym\u00e1st a f\u00f6ldesurak ezen a ter\u00fcleten: 1550-ben Both Gy\u00f6rgy\u00f6t, 1538-39-ben Keczer J\u00e1nost, 1626-ban pedig az Istv\u00e1nffy csal\u00e1dot jegyezt\u00e9k fel f\u00f6ldes\u00fark\u00e9nt. Az 1660-as d\u00e9zsmajegyz\u00e9k szerint a Zr\u00ednyi csal\u00e1d, 1701-1703-ban a Spongor csal\u00e1d birtoka, s m\u00e9g t\u00edz \u00e9vvel k\u00e9s\u0151bb is csak 5-25 lak\u00f3ja volt.<\/p>\t\t\t\t\t\t\t\t<\/div>\n\t\t\t\t\t<\/div>\n\t\t<\/div>\n\t\t\t\t<div class=\"elementor-column elementor-col-50 elementor-inner-column elementor-element elementor-element-4803081c\" data-id=\"4803081c\" data-element_type=\"column\">\n\t\t\t<div class=\"elementor-widget-wrap elementor-element-populated\">\n\t\t\t\t\t\t<div class=\"elementor-element elementor-element-1ff6e9a7 elementor-widget elementor-widget-image\" data-id=\"1ff6e9a7\" data-element_type=\"widget\" data-widget_type=\"image.default\">\n\t\t\t\t\t\t\t\t\t\t\t\t\t\t\t<img fetchpriority=\"high\" decoding=\"async\" width=\"500\" height=\"332\" src=\"http:\/\/somogybukkosd.hu\/web\/wp-content\/uploads\/2026\/02\/k_1.jpg\" class=\"attachment-full size-full wp-image-2362\" alt=\"\" srcset=\"http:\/\/somogybukkosd.hu\/web\/wp-content\/uploads\/2026\/02\/k_1.jpg 500w, http:\/\/somogybukkosd.hu\/web\/wp-content\/uploads\/2026\/02\/k_1-300x199.jpg 300w\" sizes=\"(max-width: 500px) 100vw, 500px\" \/>\t\t\t\t\t\t\t\t\t\t\t\t\t\t\t<\/div>\n\t\t\t\t\t<\/div>\n\t\t<\/div>\n\t\t\t\t\t<\/div>\n\t\t<\/section>\n\t\t\t\t<section class=\"elementor-section elementor-inner-section elementor-element elementor-element-c12da31 elementor-section-boxed elementor-section-height-default elementor-section-height-default\" data-id=\"c12da31\" data-element_type=\"section\">\n\t\t\t\t\t\t<div class=\"elementor-container elementor-column-gap-no\">\n\t\t\t\t\t<div class=\"elementor-column elementor-col-100 elementor-inner-column elementor-element elementor-element-f6a44a1\" data-id=\"f6a44a1\" data-element_type=\"column\">\n\t\t\t<div class=\"elementor-widget-wrap elementor-element-populated\">\n\t\t\t\t\t\t<div class=\"elementor-element elementor-element-cd280c1 elementor-widget elementor-widget-text-editor\" data-id=\"cd280c1\" data-element_type=\"widget\" data-widget_type=\"text-editor.default\">\n\t\t\t\t\t\t\t\t\t<p>A r\u00f3mai katolikus lakoss\u00e1g 1769-ben n\u00e9piskol\u00e1t alap\u00edtott a telep\u00fcl\u00e9sen, 1772. janu\u00e1r 22-\u00e9n nyert v\u00e1s\u00e1rszabadalmat Somogyb\u00fckk\u00f6sd, s a k\u00f6vetkez\u0151 \u00e9vtizedben m\u00e1r k\u00f6zel h\u00e1romsz\u00e1zan lakt\u00e1k. Az 1800-as \u00e9vekben a Domaniczky \u00e9s Hochreiter, illetve a K\u00e1lordy \u00e9s a Perczel csal\u00e1dok v\u00e1ltott\u00e1k egym\u00e1st. Az 1850-es k\u00f6zigazgat\u00e1si beoszt\u00e1skor a k\u00f6zs\u00e9gnek h\u00e1romsz\u00e1zkilencvenh\u00e9t lakosa volt, az 1870-es n\u00e9psz\u00e1ml\u00e1l\u00e1skor hatvannyolc h\u00e1z\u00e1ban n\u00e9gysz\u00e1zan \u00e9ltek, a sz\u00e1zadfordul\u00f3n m\u00e1r n\u00e9gysz\u00e1zhetvennyolc. A m\u00e1sodik vil\u00e1gh\u00e1bor\u00fat megel\u0151z\u0151en t\u00f6bb mint f\u00e9lezren lakt\u00e1k.<\/p><p>Az 1800-as \u00e9vekben a Domaniczky \u00e9s Hochreiter, illetve a K\u00e1lordy \u00e9s a Perczel csal\u00e1dok v\u00e1ltott\u00e1k egym\u00e1st. Az 1850-es k\u00f6zigazgat\u00e1si beoszt\u00e1skor a k\u00f6zs\u00e9gnek h\u00e1romsz\u00e1zkilencvenh\u00e9t lakosa volt, az 1870-es n\u00e9psz\u00e1ml\u00e1l\u00e1skor hatvannyolc h\u00e1z\u00e1ban n\u00e9gysz\u00e1zan \u00e9ltek, a sz\u00e1zadfordul\u00f3n m\u00e1r n\u00e9gysz\u00e1zhetvennyolc. A m\u00e1sodik vil\u00e1gh\u00e1bor\u00fat megel\u0151z\u0151en t\u00f6bb mint f\u00e9lezren lakt\u00e1k. A XIX. sz\u00e1zad utols\u00f3 \u00e9vtized\u00e9ben itt is megalakult a hitelsz\u00f6vetkezet, ami 1928-ig m\u0171k\u00f6d\u00f6tt.<br \/>1907-ben v\u00e1ltoztatt\u00e1k a falu nev\u00e9t B\u00fckk\u00f6sdr\u0151l Somogyb\u00fckk\u00f6sdre. A h\u00faszadik sz\u00e1zad els\u0151 negyed\u00e9ben m\u00e1r csak gr\u00f3f Somssich J\u00e1nosnak volt n\u00e9mi birtoka a telep\u00fcl\u00e9sen, s t\u00f6bbs\u00e9gben voltak az 1-4 kataszteri hold k\u00f6z\u00f6tti birtokosok. A t\u00e9eszek alakul\u00e1sa 1952-ben m\u00e1r itt eredm\u00e9nnyel j\u00e1rt, a Szabad F\u00f6ld nev\u0171 szerez\u0151d\u00e9s 1967-ig fogta k\u00f6z\u00f6ss\u00e9gbe a gazd\u00e1kat.<\/p>\t\t\t\t\t\t\t\t<\/div>\n\t\t\t\t\t<\/div>\n\t\t<\/div>\n\t\t\t\t\t<\/div>\n\t\t<\/section>\n\t\t\t\t<section class=\"elementor-section elementor-inner-section elementor-element elementor-element-720cdc9 elementor-section-boxed elementor-section-height-default elementor-section-height-default\" data-id=\"720cdc9\" data-element_type=\"section\">\n\t\t\t\t\t\t<div class=\"elementor-container elementor-column-gap-no\">\n\t\t\t\t\t<div class=\"elementor-column elementor-col-50 elementor-inner-column elementor-element elementor-element-09e8d24\" data-id=\"09e8d24\" data-element_type=\"column\">\n\t\t\t<div class=\"elementor-widget-wrap elementor-element-populated\">\n\t\t\t\t\t\t<div class=\"elementor-element elementor-element-4ce2496 elementor-widget elementor-widget-image\" data-id=\"4ce2496\" data-element_type=\"widget\" data-widget_type=\"image.default\">\n\t\t\t\t\t\t\t\t\t\t\t\t\t\t\t<img decoding=\"async\" width=\"500\" height=\"332\" src=\"http:\/\/somogybukkosd.hu\/web\/wp-content\/uploads\/2026\/02\/t_2-1.jpg\" class=\"attachment-full size-full wp-image-2370\" alt=\"\" srcset=\"http:\/\/somogybukkosd.hu\/web\/wp-content\/uploads\/2026\/02\/t_2-1.jpg 500w, http:\/\/somogybukkosd.hu\/web\/wp-content\/uploads\/2026\/02\/t_2-1-300x199.jpg 300w\" sizes=\"(max-width: 500px) 100vw, 500px\" \/>\t\t\t\t\t\t\t\t\t\t\t\t\t\t\t<\/div>\n\t\t\t\t\t<\/div>\n\t\t<\/div>\n\t\t\t\t<div class=\"elementor-column elementor-col-50 elementor-inner-column elementor-element elementor-element-75cacb4\" data-id=\"75cacb4\" data-element_type=\"column\">\n\t\t\t<div class=\"elementor-widget-wrap elementor-element-populated\">\n\t\t\t\t\t\t<div class=\"elementor-element elementor-element-b35829e elementor-widget elementor-widget-text-editor\" data-id=\"b35829e\" data-element_type=\"widget\" data-widget_type=\"text-editor.default\">\n\t\t\t\t\t\t\t\t\t<p>B\u00e1r hiteles \u00edr\u00e1sos forr\u00e1sok err\u0151l ugyan nincsenek, de val\u00f3sz\u00edn\u0171, hogy B\u00fckk\u00f6sd a k\u00f6z\u00e9pkorban egyh\u00e1zas hely volt. Rom\u00e1n st\u00edlus\u00fa templom\u00e1t a XIII. sz\u00e1zadb\u00f3l erdeztetik, 1728-b\u00f3l sz\u00e1rmaz\u00f3 adatok szerint fatemplom volt, amit zsindellyel bor\u00edtottak. Tornya is f\u00e1b\u00f3l k\u00e9sz\u00fclt, h\u00e1rom olt\u00e1r\u00e1t gazdagon d\u00edsz\u00edtett\u00e9k. Alatta csal\u00e1di kripta, k\u00f6r\u00fcl\u00f6tte temetkez\u00e9si hely volt tal\u00e1lhat\u00f3.<br \/><br \/>A telep\u00fcl\u00e9s b\u00fcszkes\u00e9g\u00e9t az 1998-ban \u00faj\u00edtott\u00e1k fel \u00e9s szentelte \u00fcnnep\u00e9lyesen \u00fajj\u00e1 Bal\u00e1s B\u00e9la p\u00fcsp\u00f6k. Itt ker\u00fclt \u00e1tad\u00e1sra a Milleniumi Z\u00e1szl\u00f3 \u00e9s Somogyb\u00fckk\u00f6sd \u00faj c\u00edmere is. Fal\u00e1n Dr. Meggyesi Schwartz R\u00f3bert, a k\u00f6zs\u00e9gben sz\u00e1m\u00fczet\u00e9sben tev\u00e9kenyked\u0151 ap\u00e1t pl\u00e9b\u00e1nos t\u00e1bl\u00e1ja mellett a m\u00e1sodik vil\u00e1gh\u00e1bor\u00fa h\u0151seinek is eml\u00e9ket \u00e1ll\u00edtottak.<\/p>\t\t\t\t\t\t\t\t<\/div>\n\t\t\t\t\t<\/div>\n\t\t<\/div>\n\t\t\t\t\t<\/div>\n\t\t<\/section>\n\t\t\t\t<section class=\"elementor-section elementor-inner-section elementor-element elementor-element-fa530dd elementor-section-boxed elementor-section-height-default elementor-section-height-default\" data-id=\"fa530dd\" data-element_type=\"section\">\n\t\t\t\t\t\t<div class=\"elementor-container elementor-column-gap-no\">\n\t\t\t\t\t<div class=\"elementor-column elementor-col-100 elementor-inner-column elementor-element elementor-element-0d9d4de\" data-id=\"0d9d4de\" data-element_type=\"column\">\n\t\t\t<div class=\"elementor-widget-wrap elementor-element-populated\">\n\t\t\t\t\t\t<div class=\"elementor-element elementor-element-54698d8 elementor-widget elementor-widget-text-editor\" data-id=\"54698d8\" data-element_type=\"widget\" data-widget_type=\"text-editor.default\">\n\t\t\t\t\t\t\t\t\t<p>A falu k\u00e9ts\u00e9gtelen\u00fcl legjellegzetesebb \u00e9p\u00fclete a hajdani Perczel-kast\u00e9ly. Az egykori f\u00f6ldes\u00fari k\u00fari\u00e1ban ma az \u00f6nkorm\u00e1nyzat, illetve az orvosi rendel\u0151 kapott helyet, illetve ez ad otthont a k\u00f6nyvt\u00e1rnak, ifj\u00fas\u00e1gi klubnak \u00e9s a k\u00f6z\u00f6ss\u00e9gi esem\u00e9nyeknek is. Az \u00e9p\u00fclet alatt teljes el\u00faj\u00edt\u00e1sra ker\u00fclt a Perczel-pince, tov\u00e1bbi lehet\u0151s\u00e9get adva sz\u00ednvonalas rendezv\u00e9nyeknek .<\/p><p>A telep\u00fcl\u00e9s f\u00f6ldrajzi neveinek n\u00e9melyik\u00e9hez \u00e9rdekes magyar\u00e1zatok f\u0171z\u0151dnek. D\u00f6b\u00f6rcse hely\u00e9n egykor mez\u0151v\u00e1ros \u00e1llt, amelyet a t\u00f6r\u00f6k\u00f6k puszt\u00edtottak el, de vel\u00fck kapcsolatos a Sz\u00e1raz-g\u00f6d\u00f6rh\u00f6z f\u0171z\u0151d\u0151 t\u00f6rt\u00e9net is, ott ugyanis alagutat sejtenek. A Jav\u00f3s-k\u00fat viz\u00e9nek gy\u00f3gy\u00edt\u00f3 hat\u00e1st tulajdon\u00edtottak, \u00e1m m\u00e1ra ben\u0151tt\u00e9k a bokrok, nem is nagyon ismerik hely\u00e9t. Az Aligv\u00e1ri-d\u0171l\u0151n egy cs\u00e1rda volt ott hajdan, amely az\u00e9rt kapta ezt a nevet, mert aki Z\u00e1k\u00e1ny fel\u0151l \u00e1tkelt a termetes dombokon, az alig v\u00e1rta, hogy a cs\u00e1rd\u00e1ban szomj\u00e1t olthassa.<br \/><br \/>A n\u00e9pszok\u00e1sok m\u00e9g ma sem hulltak a feled\u00e9s hom\u00e1ly\u00e1ba, aki farsang idej\u00e9n v\u00e9gigmegy a &#8222;H\u00e9tszerg\u00f6rb\u00e9n&#8221;, az tal\u00e1lkozhat be\u00f6lt\u00f6z\u00f6tt maszk\u00e1kkal Somogyb\u00fckk\u00f6sd\u00f6n. H\u00fasv\u00e9tkor nem hagyj\u00e1k ki a locsolkod\u00e1st, a tavasz utols\u00f3 h\u00f3napj\u00e1ban a m\u00e1jusfa\u00e1ll\u00edt\u00e1st \u00e9s -kit\u00e1ncol\u00e1st. Somogyb\u00fckk\u00f6sd fest\u0151i k\u00f6rnyezete barangol\u00e1sra, a term\u00e9szet megismer\u00e9s\u00e9re k\u00e9szteti a l\u00e1togat\u00f3t. A telep\u00fcl\u00e9s vezet\u0151i a k\u00f6rny\u00e9k falvaival \u00f6sszefogva a falusi turizmus felt\u00e9teleinek megteremt\u00e9s\u00e9n munk\u00e1lkodnak. A kast\u00e9ly idegenforgalmi \u00e9s kultur\u00e1lis hasznos\u00edt\u00e1sra k\u00edn\u00e1lja mag\u00e1t, a hist\u00f3ri\u00e1s vid\u00e9k pedig nyugodt pihen\u00e9st \u00edg\u00e9r.<\/p>\t\t\t\t\t\t\t\t<\/div>\n\t\t\t\t\t<\/div>\n\t\t<\/div>\n\t\t\t\t\t<\/div>\n\t\t<\/section>\n\t\t\t\t<section class=\"elementor-section elementor-inner-section elementor-element elementor-element-763db81 elementor-section-boxed elementor-section-height-default elementor-section-height-default\" data-id=\"763db81\" data-element_type=\"section\">\n\t\t\t\t\t\t<div class=\"elementor-container elementor-column-gap-no\">\n\t\t\t\t\t<div class=\"elementor-column elementor-col-100 elementor-inner-column elementor-element elementor-element-b004d9a\" data-id=\"b004d9a\" data-element_type=\"column\">\n\t\t\t<div class=\"elementor-widget-wrap elementor-element-populated\">\n\t\t\t\t\t\t<div class=\"elementor-element elementor-element-0e9f653 gyan-title-st-line-after elementor-widget elementor-widget-gyan_title\" data-id=\"0e9f653\" data-element_type=\"widget\" data-widget_type=\"gyan_title.default\">\n\t\t\t\t<div class=\"elementor-widget-container\">\n\t\t\t\t\t\t\t<div class=\"gyan-title\">\n\t\t\t<div class=\"gyan-title-subtitle\"><span>Bemutatkoz\u00e1s<\/span><\/div><h2 class=\"gyan-title-heading\">C\u00edmer<\/h2>\t\t<\/div>\n\t\t\t\t\t\t<\/div>\n\t\t\t\t<\/div>\n\t\t\t\t<div class=\"elementor-element elementor-element-2993ae8 elementor-widget elementor-widget-text-editor\" data-id=\"2993ae8\" data-element_type=\"widget\" data-widget_type=\"text-editor.default\">\n\t\t\t\t\t\t\t\t\t<p>Az \u00edrott forr\u00e1sok 1462-ben eml\u00edtik lakott helyk\u00e9nt, Bykes alakban, amikor az egykori Filke k\u00f6zs\u00e9ggel egy\u00fctt elz\u00e1logos\u00edtotta az Ap\u00e1jfi \u00e9s Szelczei csal\u00e1d Darabos L\u00e1szl\u00f3nak; negyedsz\u00e1zad m\u00falt\u00e1n pedig a berzencei uradalom k\u00f6zs\u00e9ge volt. Ezut\u00e1n m\u00e1r gyakorta v\u00e1ltott\u00e1k egym\u00e1st a f\u00f6ldesurak ezen a ter\u00fcleten: 1550-ben Both Gy\u00f6rgy\u00f6t, 1538-39-ben Keczer J\u00e1nost, 1626-ban pedig az Istv\u00e1nffy csal\u00e1dot jegyezt\u00e9k fel f\u00f6ldes\u00fark\u00e9nt. Az 1660-as d\u00e9zsmajegyz\u00e9k szerint a Zr\u00ednyi csal\u00e1d, 1701-1703-ban a Spongor csal\u00e1d birtoka, s m\u00e9g t\u00edz \u00e9vvel k\u00e9s\u0151bb is csak 5-25 lak\u00f3ja volt.<\/p>\t\t\t\t\t\t\t\t<\/div>\n\t\t\t\t\t<\/div>\n\t\t<\/div>\n\t\t\t\t\t<\/div>\n\t\t<\/section>\n\t\t\t\t<section class=\"elementor-section elementor-inner-section elementor-element elementor-element-c1c0c07 elementor-section-boxed elementor-section-height-default elementor-section-height-default\" data-id=\"c1c0c07\" data-element_type=\"section\">\n\t\t\t\t\t\t<div class=\"elementor-container elementor-column-gap-no\">\n\t\t\t\t\t<div class=\"elementor-column elementor-col-33 elementor-inner-column elementor-element elementor-element-7f32477\" data-id=\"7f32477\" data-element_type=\"column\">\n\t\t\t<div class=\"elementor-widget-wrap elementor-element-populated\">\n\t\t\t\t\t\t<div class=\"elementor-element elementor-element-1e67ec0 elementor-widget elementor-widget-image\" data-id=\"1e67ec0\" data-element_type=\"widget\" data-widget_type=\"image.default\">\n\t\t\t\t\t\t\t\t\t\t\t\t\t\t\t<img decoding=\"async\" width=\"270\" height=\"228\" src=\"http:\/\/somogybukkosd.hu\/web\/wp-content\/uploads\/2026\/02\/sb_cimerek3.jpg\" class=\"attachment-large size-large wp-image-2402\" alt=\"\" \/>\t\t\t\t\t\t\t\t\t\t\t\t\t\t\t<\/div>\n\t\t\t\t<div class=\"elementor-element elementor-element-d5cb000 elementor-widget elementor-widget-spacer\" data-id=\"d5cb000\" data-element_type=\"widget\" data-widget_type=\"spacer.default\">\n\t\t\t\t\t\t\t<div class=\"elementor-spacer\">\n\t\t\t<div class=\"elementor-spacer-inner\"><\/div>\n\t\t<\/div>\n\t\t\t\t\t\t<\/div>\n\t\t\t\t\t<\/div>\n\t\t<\/div>\n\t\t\t\t<div class=\"elementor-column elementor-col-33 elementor-inner-column elementor-element elementor-element-03e8ee7\" data-id=\"03e8ee7\" data-element_type=\"column\">\n\t\t\t<div class=\"elementor-widget-wrap elementor-element-populated\">\n\t\t\t\t\t\t<div class=\"elementor-element elementor-element-7ec1c9b elementor-widget elementor-widget-image\" data-id=\"7ec1c9b\" data-element_type=\"widget\" data-widget_type=\"image.default\">\n\t\t\t\t\t\t\t\t\t\t\t\t\t\t\t<img loading=\"lazy\" decoding=\"async\" width=\"270\" height=\"228\" src=\"http:\/\/somogybukkosd.hu\/web\/wp-content\/uploads\/2026\/02\/sb_cimerek1.jpg\" class=\"attachment-large size-large wp-image-2397\" alt=\"\" \/>\t\t\t\t\t\t\t\t\t\t\t\t\t\t\t<\/div>\n\t\t\t\t<div class=\"elementor-element elementor-element-77b41ef elementor-widget elementor-widget-spacer\" data-id=\"77b41ef\" data-element_type=\"widget\" data-widget_type=\"spacer.default\">\n\t\t\t\t\t\t\t<div class=\"elementor-spacer\">\n\t\t\t<div class=\"elementor-spacer-inner\"><\/div>\n\t\t<\/div>\n\t\t\t\t\t\t<\/div>\n\t\t\t\t\t<\/div>\n\t\t<\/div>\n\t\t\t\t<div class=\"elementor-column elementor-col-33 elementor-inner-column elementor-element elementor-element-72fcbc6\" data-id=\"72fcbc6\" data-element_type=\"column\">\n\t\t\t<div class=\"elementor-widget-wrap elementor-element-populated\">\n\t\t\t\t\t\t<div class=\"elementor-element elementor-element-278c40c elementor-widget elementor-widget-image\" data-id=\"278c40c\" data-element_type=\"widget\" data-widget_type=\"image.default\">\n\t\t\t\t\t\t\t\t\t\t\t\t\t\t\t<img loading=\"lazy\" decoding=\"async\" width=\"270\" height=\"228\" src=\"http:\/\/somogybukkosd.hu\/web\/wp-content\/uploads\/2026\/02\/sb_cimerek2.jpg\" class=\"attachment-large size-large wp-image-2401\" alt=\"\" \/>\t\t\t\t\t\t\t\t\t\t\t\t\t\t\t<\/div>\n\t\t\t\t<div class=\"elementor-element elementor-element-1e9520b elementor-widget elementor-widget-spacer\" data-id=\"1e9520b\" data-element_type=\"widget\" data-widget_type=\"spacer.default\">\n\t\t\t\t\t\t\t<div class=\"elementor-spacer\">\n\t\t\t<div class=\"elementor-spacer-inner\"><\/div>\n\t\t<\/div>\n\t\t\t\t\t\t<\/div>\n\t\t\t\t\t<\/div>\n\t\t<\/div>\n\t\t\t\t\t<\/div>\n\t\t<\/section>\n\t\t\t\t\t<\/div>\n\t\t<\/div>\n\t\t\t\t\t<\/div>\n\t\t<\/section>\n\t\t\t\t<\/div>\n\t\t","protected":false},"excerpt":{"rendered":"<p>Bemutatkoz\u00e1s T\u00f6rt\u00e9nelem Az \u00edrott forr\u00e1sok 1462-ben eml\u00edtik lakott helyk\u00e9nt, Bykes alakban, amikor az egykori Filke k\u00f6zs\u00e9ggel egy\u00fctt elz\u00e1logos\u00edtotta az Ap\u00e1jfi \u00e9s Szelczei csal\u00e1d Darabos L\u00e1szl\u00f3nak; negyedsz\u00e1zad m\u00falt\u00e1n pedig a berzencei uradalom k\u00f6zs\u00e9ge volt.Ezut\u00e1n m\u00e1r gyakorta v\u00e1ltott\u00e1k egym\u00e1st a f\u00f6ldesurak ezen a ter\u00fcleten: 1550-ben Both Gy\u00f6rgy\u00f6t, 1538-39-ben Keczer J\u00e1nost, 1626-ban pedig [&hellip;]<\/p>\n","protected":false},"author":1,"featured_media":0,"parent":0,"menu_order":0,"comment_status":"closed","ping_status":"closed","template":"elementor_header_footer","meta":{"footnotes":""},"class_list":["post-2360","page","type-page","status-publish","hentry"],"_links":{"self":[{"href":"http:\/\/somogybukkosd.hu\/web\/wp-json\/wp\/v2\/pages\/2360","targetHints":{"allow":["GET"]}}],"collection":[{"href":"http:\/\/somogybukkosd.hu\/web\/wp-json\/wp\/v2\/pages"}],"about":[{"href":"http:\/\/somogybukkosd.hu\/web\/wp-json\/wp\/v2\/types\/page"}],"author":[{"embeddable":true,"href":"http:\/\/somogybukkosd.hu\/web\/wp-json\/wp\/v2\/users\/1"}],"replies":[{"embeddable":true,"href":"http:\/\/somogybukkosd.hu\/web\/wp-json\/wp\/v2\/comments?post=2360"}],"version-history":[{"count":79,"href":"http:\/\/somogybukkosd.hu\/web\/wp-json\/wp\/v2\/pages\/2360\/revisions"}],"predecessor-version":[{"id":2526,"href":"http:\/\/somogybukkosd.hu\/web\/wp-json\/wp\/v2\/pages\/2360\/revisions\/2526"}],"wp:attachment":[{"href":"http:\/\/somogybukkosd.hu\/web\/wp-json\/wp\/v2\/media?parent=2360"}],"curies":[{"name":"wp","href":"https:\/\/api.w.org\/{rel}","templated":true}]}}