{"id":2500,"date":"2026-02-25T13:46:39","date_gmt":"2026-02-25T12:46:39","guid":{"rendered":"http:\/\/somogybukkosd.hu\/web\/?page_id=2500"},"modified":"2026-06-15T15:23:02","modified_gmt":"2026-06-15T13:23:02","slug":"latnivalok","status":"publish","type":"page","link":"http:\/\/somogybukkosd.hu\/web\/latnivalok\/","title":{"rendered":"L\u00e1tnival\u00f3k"},"content":{"rendered":"\t\t<div data-elementor-type=\"wp-page\" data-elementor-id=\"2500\" class=\"elementor elementor-2500\">\n\t\t\t\t\t\t<section class=\"elementor-section elementor-top-section elementor-element elementor-element-31e82332 elementor-section-stretched elementor-section-boxed elementor-section-height-default elementor-section-height-default\" data-id=\"31e82332\" data-element_type=\"section\" data-settings=\"{&quot;stretch_section&quot;:&quot;section-stretched&quot;,&quot;background_background&quot;:&quot;classic&quot;}\">\n\t\t\t\t\t\t\t<div class=\"elementor-background-overlay\"><\/div>\n\t\t\t\t\t\t\t<div class=\"elementor-container elementor-column-gap-no\">\n\t\t\t\t\t<div class=\"elementor-column elementor-col-100 elementor-top-column elementor-element elementor-element-798f6e0f\" data-id=\"798f6e0f\" data-element_type=\"column\">\n\t\t\t<div class=\"elementor-widget-wrap elementor-element-populated\">\n\t\t\t\t\t\t<section class=\"elementor-section elementor-inner-section elementor-element elementor-element-1ac58d8e elementor-section-boxed elementor-section-height-default elementor-section-height-default\" data-id=\"1ac58d8e\" data-element_type=\"section\">\n\t\t\t\t\t\t<div class=\"elementor-container elementor-column-gap-no\">\n\t\t\t\t\t<div class=\"elementor-column elementor-col-100 elementor-inner-column elementor-element elementor-element-79e1b852\" data-id=\"79e1b852\" data-element_type=\"column\">\n\t\t\t<div class=\"elementor-widget-wrap elementor-element-populated\">\n\t\t\t\t\t\t<div class=\"elementor-element elementor-element-172b71bb gyan-title-st-line-after elementor-widget elementor-widget-gyan_title\" data-id=\"172b71bb\" data-element_type=\"widget\" data-widget_type=\"gyan_title.default\">\n\t\t\t\t<div class=\"elementor-widget-container\">\n\t\t\t\t\t\t\t<div class=\"gyan-title\">\n\t\t\t<div class=\"gyan-title-subtitle\"><span>Bemutatkoz\u00e1s<\/span><\/div><h2 class=\"gyan-title-heading\">L\u00e1tnival\u00f3k<\/h2>\t\t<\/div>\n\t\t\t\t\t\t<\/div>\n\t\t\t\t<\/div>\n\t\t\t\t\t<\/div>\n\t\t<\/div>\n\t\t\t\t\t<\/div>\n\t\t<\/section>\n\t\t\t\t\t<\/div>\n\t\t<\/div>\n\t\t\t\t\t<\/div>\n\t\t<\/section>\n\t\t<div class=\"elementor-element elementor-element-5bdd4c7 e-grid e-con-boxed e-con e-parent\" data-id=\"5bdd4c7\" data-element_type=\"container\">\n\t\t\t\t\t<div class=\"e-con-inner\">\n\t\t\t\t<div class=\"elementor-element elementor-element-cccafbd elementor-position-top elementor-widget elementor-widget-image-box\" data-id=\"cccafbd\" data-element_type=\"widget\" data-widget_type=\"image-box.default\">\n\t\t\t\t\t<div class=\"elementor-image-box-wrapper\"><figure class=\"elementor-image-box-img\"><img fetchpriority=\"high\" decoding=\"async\" width=\"500\" height=\"332\" src=\"http:\/\/somogybukkosd.hu\/web\/wp-content\/uploads\/2026\/02\/k_1.jpg\" class=\"attachment-full size-full wp-image-2362\" alt=\"\" srcset=\"http:\/\/somogybukkosd.hu\/web\/wp-content\/uploads\/2026\/02\/k_1.jpg 500w, http:\/\/somogybukkosd.hu\/web\/wp-content\/uploads\/2026\/02\/k_1-300x199.jpg 300w\" sizes=\"(max-width: 500px) 100vw, 500px\" \/><\/figure><div class=\"elementor-image-box-content\"><h3 class=\"elementor-image-box-title\">Perczel Kast\u00e9ly<\/h3><p class=\"elementor-image-box-description\">A falu k\u00e9ts\u00e9gtelen\u00fcl legjellegzetesebb \u00e9p\u00fclete a hajdani Perczel-kast\u00e9ly. Az egykori f\u00f6ldes\u00fari k\u00fari\u00e1ban ma az \u00f6nkorm\u00e1nyzat, illetve az orvosi rendel\u0151 kapott helyet, illetve ez ad otthont a k\u00f6nyvt\u00e1rnak, ifj\u00fas\u00e1gi klubnak \u00e9s a k\u00f6z\u00f6ss\u00e9gi esem\u00e9nyeknek is. Az \u00e9p\u00fclet alatt teljes el\u00faj\u00edt\u00e1sra ker\u00fclt a Perczel-pince, tov\u00e1bbi lehet\u0151s\u00e9get adva sz\u00ednvonalas rendezv\u00e9nyeknek.<\/p><\/div><\/div>\t\t\t\t<\/div>\n\t\t\t\t<div class=\"elementor-element elementor-element-c06b645 elementor-position-top elementor-widget elementor-widget-image-box\" data-id=\"c06b645\" data-element_type=\"widget\" data-widget_type=\"image-box.default\">\n\t\t\t\t\t<div class=\"elementor-image-box-wrapper\"><figure class=\"elementor-image-box-img\"><img decoding=\"async\" width=\"500\" height=\"332\" src=\"http:\/\/somogybukkosd.hu\/web\/wp-content\/uploads\/2026\/06\/c_9.jpg\" class=\"attachment-full size-full wp-image-2938\" alt=\"\" srcset=\"http:\/\/somogybukkosd.hu\/web\/wp-content\/uploads\/2026\/06\/c_9.jpg 500w, http:\/\/somogybukkosd.hu\/web\/wp-content\/uploads\/2026\/06\/c_9-300x199.jpg 300w\" sizes=\"(max-width: 500px) 100vw, 500px\" \/><\/figure><div class=\"elementor-image-box-content\"><h3 class=\"elementor-image-box-title\">Kast\u00e9ypark<\/h3><p class=\"elementor-image-box-description\">Az egykori Somssich-k\u00faria parkja belter\u00fcleti d\u00edszkert, ami 1985 \u00f3ta term\u00e9szet\u00e9delmi helyi v\u00e9detts\u00e9g\u0171 ter\u00fclet.\nAz 1,8 hekt\u00e1ros park k\u00fcl\u00f6nleges \u00e9rt\u00e9k\u00e9t sz\u00e9p k\u00f6rpanor\u00e1m\u00e1s fekv\u00e9se, a ritka feny\u0151fajok, az \u00f6r\u00f6kz\u00f6ld bambuszok \u00e9s k\u00e9t \"matuzs\u00e1lemi\" gesztenyefa jelenti.\n\u00c9rt\u00e9kes fafajok az atlanti c\u00e9drus, a kolor\u00e1d\u00f3feny\u0151, a kauk\u00e1zusi jegenyefeny\u0151, a simafeny\u0151, a lucfeny\u0151, a tiszafa, a kislevel\u0171 h\u00e1rs, a tat\u00e1rjuhar, a mad\u00e1rberkenye.<\/p><\/div><\/div>\t\t\t\t<\/div>\n\t\t\t\t<div class=\"elementor-element elementor-element-7c5b624 elementor-position-top elementor-widget elementor-widget-image-box\" data-id=\"7c5b624\" data-element_type=\"widget\" data-widget_type=\"image-box.default\">\n\t\t\t\t\t<div class=\"elementor-image-box-wrapper\"><figure class=\"elementor-image-box-img\"><img decoding=\"async\" width=\"500\" height=\"332\" src=\"http:\/\/somogybukkosd.hu\/web\/wp-content\/uploads\/2026\/06\/k_7.png\" class=\"attachment-full size-full wp-image-2943\" alt=\"\" srcset=\"http:\/\/somogybukkosd.hu\/web\/wp-content\/uploads\/2026\/06\/k_7.png 500w, http:\/\/somogybukkosd.hu\/web\/wp-content\/uploads\/2026\/06\/k_7-300x199.png 300w\" sizes=\"(max-width: 500px) 100vw, 500px\" \/><\/figure><div class=\"elementor-image-box-content\"><h3 class=\"elementor-image-box-title\">Perczel-pince<\/h3><p class=\"elementor-image-box-description\">A Perczel-pince a helyi Perczel-kast\u00e9ly (egykori Somssich-k\u00faria) alatt tal\u00e1lhat\u00f3, amely az elm\u00falt \u00e9vekben teljes fel\u00faj\u00edt\u00e1son esett \u00e1t. Az \u00e9p\u00fclet \u00e9s a pince a k\u00f6zs\u00e9g kultur\u00e1lis \u00e9s k\u00f6z\u00f6ss\u00e9gi \u00e9let\u00e9nek egyik fontos helysz\u00edne. A pince \u00e1talak\u00edt\u00e1s\u00e1val egy sz\u00ednvonalas, tan\u00e1cskoz\u00e1sok \u00e9s kultur\u00e1lis programok lebonyol\u00edt\u00e1s\u00e1ra alkalmas teret hoztak l\u00e9tre, amely saj\u00e1t f\u0151z\u00e9si lehet\u0151s\u00e9ggel is rendelkezik.<\/p><\/div><\/div>\t\t\t\t<\/div>\n\t\t\t\t\t<\/div>\n\t\t\t\t<\/div>\n\t\t<div class=\"elementor-element elementor-element-64fa7f5 e-grid e-con-boxed e-con e-parent\" data-id=\"64fa7f5\" data-element_type=\"container\">\n\t\t\t\t\t<div class=\"e-con-inner\">\n\t\t\t\t<div class=\"elementor-element elementor-element-d988a76 elementor-position-top elementor-widget elementor-widget-image-box\" data-id=\"d988a76\" data-element_type=\"widget\" data-widget_type=\"image-box.default\">\n\t\t\t\t\t<div class=\"elementor-image-box-wrapper\"><figure class=\"elementor-image-box-img\"><img decoding=\"async\" src=\"http:\/\/somogybukkosd.hu\/web\/wp-content\/plugins\/elementor\/assets\/images\/placeholder.png\" title=\"\" alt=\"\" loading=\"lazy\" \/><\/figure><div class=\"elementor-image-box-content\"><h3 class=\"elementor-image-box-title\">Turista b\u00e1zispont<\/h3><p class=\"elementor-image-box-description\">A turista b\u00e1zispont a falu k\u00f6zpontj\u00e1ban, a Perczel-kast\u00e9ly \u0151sf\u00e1s parkj\u00e1ban tal\u00e1lhat\u00f3. A b\u00e1zispontot a Dr\u00e1va-medence \u00f6koturisztikai projekt keret\u00e9ben alak\u00edtott\u00e1k ki a term\u00e9szetj\u00e1r\u00f3k sz\u00e1m\u00e1ra. Egy fedett es\u0151be\u00e1ll\u00f3, pihen\u0151hely, valamint egy k\u00f6zvetlen\u00fcl mellette fel\u00e9p\u00edtett mad\u00e1rmegfigyel\u0151 torony v\u00e1rja a l\u00e1togat\u00f3kat.<\/p><\/div><\/div>\t\t\t\t<\/div>\n\t\t\t\t<div class=\"elementor-element elementor-element-970e862 elementor-position-top elementor-widget elementor-widget-image-box\" data-id=\"970e862\" data-element_type=\"widget\" data-widget_type=\"image-box.default\">\n\t\t\t\t\t<div class=\"elementor-image-box-wrapper\"><figure class=\"elementor-image-box-img\"><img decoding=\"async\" src=\"http:\/\/somogybukkosd.hu\/web\/wp-content\/plugins\/elementor\/assets\/images\/placeholder.png\" title=\"\" alt=\"\" loading=\"lazy\" \/><\/figure><div class=\"elementor-image-box-content\"><h3 class=\"elementor-image-box-title\">Mad\u00e1rmegfigyel\u0151<\/h3><p class=\"elementor-image-box-description\">A d\u00e9l-dun\u00e1nt\u00fali r\u00e9gi\u00f3 \u00e9s a k\u00f6zeli Duna-Dr\u00e1va Nemzeti Park k\u00f6rnyezete rendk\u00edv\u00fcl gazdag f\u00e9szkel\u0151 \u00e9s vonul\u00f3 mad\u00e1rfajokban. A somogyb\u00fckk\u00f6sdi pontr\u00f3l els\u0151sorban erdei \u00e9s kerti mad\u00e1rfajok, ragadoz\u00f3 madarak, valamint a Dr\u00e1va-medence k\u00f6zels\u00e9ge miatt id\u0151szakosan v\u00edzi vonul\u00f3 madarak is megfigyelhet\u0151k.<\/p><\/div><\/div>\t\t\t\t<\/div>\n\t\t\t\t<div class=\"elementor-element elementor-element-7074612 elementor-position-top elementor-widget elementor-widget-image-box\" data-id=\"7074612\" data-element_type=\"widget\" data-widget_type=\"image-box.default\">\n\t\t\t\t\t<div class=\"elementor-image-box-wrapper\"><figure class=\"elementor-image-box-img\"><img loading=\"lazy\" decoding=\"async\" width=\"500\" height=\"332\" src=\"http:\/\/somogybukkosd.hu\/web\/wp-content\/uploads\/2026\/06\/2vh_1.png\" class=\"attachment-full size-full wp-image-3005\" alt=\"\" srcset=\"http:\/\/somogybukkosd.hu\/web\/wp-content\/uploads\/2026\/06\/2vh_1.png 500w, http:\/\/somogybukkosd.hu\/web\/wp-content\/uploads\/2026\/06\/2vh_1-300x199.png 300w\" sizes=\"(max-width: 500px) 100vw, 500px\" \/><\/figure><div class=\"elementor-image-box-content\"><h3 class=\"elementor-image-box-title\">I. Vil\u00e1gh\u00e1bor\u00fas Eml\u00e9kt\u00e1bla<\/h3><p class=\"elementor-image-box-description\">Az I. vil\u00e1gh\u00e1bor\u00fas eml\u00e9kt\u00e1bla a helyi R\u00f3mai Katolikus Templom fal\u00e1n helyezkedik el, \u00edgy a nap b\u00e1rmely szak\u00e1ban szabadon megtekinthet\u0151. Az eml\u00e9ket a falu az els\u0151 vil\u00e1gh\u00e1bor\u00faban elesett h\u0151seinek tisztelet\u00e9re \u00e1ll\u00edtotta, \u00e9s jelenleg is a telep\u00fcl\u00e9s v\u00e9dett kultur\u00e1lis \u00e9s t\u00f6rt\u00e9nelmi l\u00e1tnival\u00f3i k\u00f6z\u00e9 tartozik.<\/p><\/div><\/div>\t\t\t\t<\/div>\n\t\t\t\t\t<\/div>\n\t\t\t\t<\/div>\n\t\t<div class=\"elementor-element elementor-element-bc751f8 e-grid e-con-boxed e-con e-parent\" data-id=\"bc751f8\" data-element_type=\"container\">\n\t\t\t\t\t<div class=\"e-con-inner\">\n\t\t\t\t<div class=\"elementor-element elementor-element-1bab033 elementor-position-top elementor-widget elementor-widget-image-box\" data-id=\"1bab033\" data-element_type=\"widget\" data-widget_type=\"image-box.default\">\n\t\t\t\t\t<div class=\"elementor-image-box-wrapper\"><figure class=\"elementor-image-box-img\"><img loading=\"lazy\" decoding=\"async\" width=\"500\" height=\"332\" src=\"http:\/\/somogybukkosd.hu\/web\/wp-content\/uploads\/2026\/06\/t_1.png\" class=\"attachment-full size-full wp-image-2947\" alt=\"\" srcset=\"http:\/\/somogybukkosd.hu\/web\/wp-content\/uploads\/2026\/06\/t_1.png 500w, http:\/\/somogybukkosd.hu\/web\/wp-content\/uploads\/2026\/06\/t_1-300x199.png 300w\" sizes=\"(max-width: 500px) 100vw, 500px\" \/><\/figure><div class=\"elementor-image-box-content\"><h3 class=\"elementor-image-box-title\">Havas Boldogasszony r\u00f3mai katolikus templom<\/h3><p class=\"elementor-image-box-description\">A Havas Boldogasszony r\u00f3mai katolikus templom (m\u00e1s n\u00e9ven k\u00e1polna) a telep\u00fcl\u00e9s legfontosabb \u00e9p\u00edt\u00e9szeti \u00e9s t\u00f6rt\u00e9nelmi \u00e9rt\u00e9ke, amely orsz\u00e1gos m\u0171eml\u00e9ki v\u00e9delem alatt \u00e1ll. Az \u00e9p\u00fclet gy\u00f6kerei a 13. sz\u00e1zadra, a rom\u00e1n korig ny\u00falnak vissza. A 15. sz\u00e1zadban g\u00f3tikus st\u00edlusjegyekkel b\u0151v\u00edtett\u00e9k, majd a t\u00f6r\u00f6k h\u00f3dolts\u00e1g ut\u00e1n, 1760-ban alak\u00edtott\u00e1k \u00e1t a ma is l\u00e1that\u00f3 barokk st\u00edlusra.<\/p><\/div><\/div>\t\t\t\t<\/div>\n\t\t\t\t<div class=\"elementor-element elementor-element-a436d74 elementor-position-top elementor-widget elementor-widget-image-box\" data-id=\"a436d74\" data-element_type=\"widget\" data-widget_type=\"image-box.default\">\n\t\t\t\t\t<div class=\"elementor-image-box-wrapper\"><figure class=\"elementor-image-box-img\"><img decoding=\"async\" src=\"http:\/\/somogybukkosd.hu\/web\/wp-content\/plugins\/elementor\/assets\/images\/placeholder.png\" title=\"\" alt=\"\" loading=\"lazy\" \/><\/figure><div class=\"elementor-image-box-content\"><h3 class=\"elementor-image-box-title\">Dr. Meggyesi Schwartz R\u00f3bert Eml\u00e9kt\u00e1bla<\/h3><p class=\"elementor-image-box-description\">Dr. Meggyesi Schwartz R\u00f3bert ap\u00e1t-pl\u00e9b\u00e1nos eml\u00e9kt\u00e1bl\u00e1ja a somogyi kistelep\u00fcl\u00e9sen, Somogyb\u00fckk\u00f6sd\u00f6n tal\u00e1lhat\u00f3, a Havas Boldogasszony r\u00f3mai katolikus templom k\u00fcls\u0151 fal\u00e1n. Az eml\u00e9km\u0171 annak a neves egyh\u00e1zi szem\u00e9lyis\u00e9gnek \u00e1ll\u00edt eml\u00e9ket, aki \u00e9lete utols\u00f3 \u00e9vtizedeiben a kommunista rezsim \u00e1ltali k\u00e9nyszer\u0171 sz\u00e1m\u0171zet\u00e9sben szolg\u00e1lt a faluban.<\/p><\/div><\/div>\t\t\t\t<\/div>\n\t\t\t\t<div class=\"elementor-element elementor-element-ae997b4 elementor-position-top elementor-widget elementor-widget-image-box\" data-id=\"ae997b4\" data-element_type=\"widget\" data-widget_type=\"image-box.default\">\n\t\t\t\t\t<div class=\"elementor-image-box-wrapper\"><figure class=\"elementor-image-box-img\"><img loading=\"lazy\" decoding=\"async\" width=\"500\" height=\"332\" src=\"http:\/\/somogybukkosd.hu\/web\/wp-content\/uploads\/2026\/06\/kocs_1.png\" class=\"attachment-full size-full wp-image-2968\" alt=\"\" srcset=\"http:\/\/somogybukkosd.hu\/web\/wp-content\/uploads\/2026\/06\/kocs_1.png 500w, http:\/\/somogybukkosd.hu\/web\/wp-content\/uploads\/2026\/06\/kocs_1-300x199.png 300w\" sizes=\"(max-width: 500px) 100vw, 500px\" \/><\/figure><div class=\"elementor-image-box-content\"><h3 class=\"elementor-image-box-title\"> Ki\u00e1ll\u00edtott szek\u00e9r, fel\u00faj\u00edtott t\u0171zot\u00f3kocsi<\/h3><p class=\"elementor-image-box-description\">A ki\u00e1ll\u00edtott szek\u00e9r \u00e9s a fel\u00faj\u00edtott t\u0171zolt\u00f3kocsi Somogyb\u00fckk\u00f6sd egyik helyi nevezetess\u00e9ge, amelyek a helyi turista b\u00e1zispont \u00e9s es\u0151be\u00e1ll\u00f3 k\u00f6zvetlen k\u00f6rnyezet\u00e9ben tekinthet\u0151k meg. A l\u00e1tv\u00e1nyoss\u00e1gok a k\u00f6zs\u00e9g l\u00e1tnival\u00f3inak r\u00e9szei, amelyek t\u00f6k\u00e9letesen bemutatj\u00e1k a telep\u00fcl\u00e9s m\u00faltb\u00e9li mez\u0151gazdas\u00e1gi \u00e9s t\u0171zv\u00e9delmi eszk\u00f6zeit.<\/p><\/div><\/div>\t\t\t\t<\/div>\n\t\t\t\t\t<\/div>\n\t\t\t\t<\/div>\n\t\t<div class=\"elementor-element elementor-element-a540d51 e-grid e-con-boxed e-con e-parent\" data-id=\"a540d51\" data-element_type=\"container\">\n\t\t\t\t\t<div class=\"e-con-inner\">\n\t\t\t\t<div class=\"elementor-element elementor-element-4c8f723 elementor-position-top elementor-widget elementor-widget-image-box\" data-id=\"4c8f723\" data-element_type=\"widget\" data-widget_type=\"image-box.default\">\n\t\t\t\t\t<div class=\"elementor-image-box-wrapper\"><figure class=\"elementor-image-box-img\"><img decoding=\"async\" src=\"http:\/\/somogybukkosd.hu\/web\/wp-content\/plugins\/elementor\/assets\/images\/placeholder.png\" title=\"\" alt=\"\" loading=\"lazy\" \/><\/figure><div class=\"elementor-image-box-content\"><h3 class=\"elementor-image-box-title\">Teszl\u00e1k K\u00faria<\/h3><p class=\"elementor-image-box-description\">A somogyb\u00fckk\u00f6sd\u00ed Teszl\u00e1k K\u00faria (a telep\u00fcl\u00e9s F\u0151 utca 42. sz\u00e1m alatt) egy hagyom\u00e1nyos, n\u00e9pi \u00e9p\u00edt\u00e9szeti st\u00edlusban emelt \u00e9p\u00fclet, amely v\u00e1lyogb\u00f3l k\u00e9sz\u00fclt, boron\u00e1s szerkezet\u0171 \u00e9s jellegzetes zsupfedeles pinc\u00e9vel rendelkezik. A falu egyik legfontosabb helyi nevezetess\u00e9ge.<\/p><\/div><\/div>\t\t\t\t<\/div>\n\t\t\t\t<div class=\"elementor-element elementor-element-348ebad elementor-position-top elementor-widget elementor-widget-image-box\" data-id=\"348ebad\" data-element_type=\"widget\" data-widget_type=\"image-box.default\">\n\t\t\t\t\t<div class=\"elementor-image-box-wrapper\"><figure class=\"elementor-image-box-img\"><img loading=\"lazy\" decoding=\"async\" width=\"500\" height=\"332\" src=\"http:\/\/somogybukkosd.hu\/web\/wp-content\/uploads\/2026\/06\/tgal880.jpg\" class=\"attachment-full size-full wp-image-3001\" alt=\"\" srcset=\"http:\/\/somogybukkosd.hu\/web\/wp-content\/uploads\/2026\/06\/tgal880.jpg 500w, http:\/\/somogybukkosd.hu\/web\/wp-content\/uploads\/2026\/06\/tgal880-300x199.jpg 300w\" sizes=\"(max-width: 500px) 100vw, 500px\" \/><\/figure><div class=\"elementor-image-box-content\"><h3 class=\"elementor-image-box-title\">Hegyh\u00e1t, pincesor<\/h3><p class=\"elementor-image-box-description\">A hegyh\u00e1ti pincesor a D\u00e9l-Zselic \u00e9s a Dr\u00e1va-medence hat\u00e1r\u00e1n fekv\u0151 Somogyb\u00fckk\u00f6sd k\u00f6zs\u00e9g egyik legk\u00fcl\u00f6nlegesebb n\u00e9pi \u00e9p\u00edt\u00e9szeti \u00e9s kult\u00fart\u00f6rt\u00e9neti eml\u00e9ke. A falu k\u00f6zel\u00e9ben h\u00faz\u00f3d\u00f3 k\u00e9t hegyh\u00e1ton tal\u00e1lhat\u00f3 pr\u00e9sh\u00e1zak igazi ritkas\u00e1gnak sz\u00e1m\u00edtanak a hazai falusi turizmusban.<\/p><\/div><\/div>\t\t\t\t<\/div>\n\t\t\t\t\t<\/div>\n\t\t\t\t<\/div>\n\t\t\t\t<\/div>\n\t\t","protected":false},"excerpt":{"rendered":"<p>Bemutatkoz\u00e1s L\u00e1tnival\u00f3k Perczel Kast\u00e9ly A falu k\u00e9ts\u00e9gtelen\u00fcl legjellegzetesebb \u00e9p\u00fclete a hajdani Perczel-kast\u00e9ly. Az egykori f\u00f6ldes\u00fari k\u00fari\u00e1ban ma az \u00f6nkorm\u00e1nyzat, illetve az orvosi rendel\u0151 kapott helyet, illetve ez ad otthont a k\u00f6nyvt\u00e1rnak, ifj\u00fas\u00e1gi klubnak \u00e9s a k\u00f6z\u00f6ss\u00e9gi esem\u00e9nyeknek is. Az \u00e9p\u00fclet alatt teljes el\u00faj\u00edt\u00e1sra ker\u00fclt a Perczel-pince, tov\u00e1bbi lehet\u0151s\u00e9get adva sz\u00ednvonalas [&hellip;]<\/p>\n","protected":false},"author":1,"featured_media":0,"parent":0,"menu_order":0,"comment_status":"closed","ping_status":"closed","template":"elementor_header_footer","meta":{"footnotes":""},"class_list":["post-2500","page","type-page","status-publish","hentry"],"_links":{"self":[{"href":"http:\/\/somogybukkosd.hu\/web\/wp-json\/wp\/v2\/pages\/2500","targetHints":{"allow":["GET"]}}],"collection":[{"href":"http:\/\/somogybukkosd.hu\/web\/wp-json\/wp\/v2\/pages"}],"about":[{"href":"http:\/\/somogybukkosd.hu\/web\/wp-json\/wp\/v2\/types\/page"}],"author":[{"embeddable":true,"href":"http:\/\/somogybukkosd.hu\/web\/wp-json\/wp\/v2\/users\/1"}],"replies":[{"embeddable":true,"href":"http:\/\/somogybukkosd.hu\/web\/wp-json\/wp\/v2\/comments?post=2500"}],"version-history":[{"count":83,"href":"http:\/\/somogybukkosd.hu\/web\/wp-json\/wp\/v2\/pages\/2500\/revisions"}],"predecessor-version":[{"id":3009,"href":"http:\/\/somogybukkosd.hu\/web\/wp-json\/wp\/v2\/pages\/2500\/revisions\/3009"}],"wp:attachment":[{"href":"http:\/\/somogybukkosd.hu\/web\/wp-json\/wp\/v2\/media?parent=2500"}],"curies":[{"name":"wp","href":"https:\/\/api.w.org\/{rel}","templated":true}]}}